{"id":68,"date":"2013-09-02T11:04:48","date_gmt":"2013-09-02T09:04:48","guid":{"rendered":"http:\/\/menzendorff.de\/?page_id=68"},"modified":"2019-05-12T14:19:02","modified_gmt":"2019-05-12T12:19:02","slug":"impressum","status":"publish","type":"page","link":"http:\/\/menzendorff.de\/?page_id=68","title":{"rendered":"Impressum. Daten."},"content":{"rendered":"<p style=\"text-align: left;\" align=\"center\"><strong>Verantwortlich f\u00fcr den Inhalt:<\/strong><\/p>\n<p style=\"text-align: left;\" align=\"center\">Markus Menzendorff<br \/>\nErbacher Str. 15<br \/>\n60599 Frankfurt am Main<\/p>\n<p style=\"text-align: left;\" align=\"center\">E-Mail: Markus@Menzendorff.de<br \/>\nWeb: www.Menzendorff.de<\/p>\n<p style=\"text-align: left;\" align=\"center\"><strong>Verantwortlich f\u00fcr den Datenschutz:<\/strong><\/p>\n<p style=\"text-align: left;\" align=\"center\">Markus Menzendorff, der Webseitenbetreiber.<\/p>\n<p style=\"text-align: left;\" align=\"center\">Ich speichere hier nichts. Jedenfalls nicht bewu\u00dft. Ich bekomme nicht einmal mit, wer meine Seite besucht. Wenn Sie auf dieser Seite einen Kommentar hinterlassen, werde ich aufgefordert, diesen Kommentar zu pr\u00fcfen, ob ich ihn ver\u00f6ffentlichen will. 99 % der sogenannten Kommentare sind spam. Jeder der hier etwas hereinschreibt, erkl\u00e4rt damit seine Einwilligung, dass ich seinen Kommentar ver\u00f6ffentliche. Die Entscheidung, ob ich ver\u00f6ffentliche, liegt bei mir. Es gibt keinen Rechtsanspruch darauf. Es k\u00f6nnte sein, dass Ihre e-mail Adresse im Falle eines Kommentares irgendwo in meinem Computer automatisch gespeichert wird. Wann immer Sie wollen, dass ich so etwas l\u00f6sche, werde ich mich nach Kr\u00e4ften bem\u00fchen, das zu tun, so schnell ich kann. Ich bem\u00fche mich, die Datenschutzrichtlinien zu beachten, aber ich wei\u00df nicht, ob mein Computer automatisch &#8222;pings&#8220;,\u00a0 cookies, Meta-Daten oder sonstiges speichert. Hier l\u00e4uft auch &#8211; soweit ich wei\u00df &#8211; kein Z\u00e4hlwerk mit. Sie k\u00f6nnen mit mir \u00fcber alles reden, von Mensch zu Mensch. Wenn Sie wollen, dass ich Ihren Beitrag, falls er ver\u00f6ffentlicht wurde, l\u00f6sche, dann teilen Sie mir das mit und ich werde Ihren Beitrag l\u00f6schen, sobald ich Ihren Widerruf sehe. Ich gebe Ihre Daten an niemanden weiter.<\/p>\n<p style=\"text-align: left;\" align=\"center\">Ich werde berechtigte Beschwerden oder berechtigte Abmahnungen sofort nach Pr\u00fcfung abstellen, soweit das in meiner Macht steht. Rechtsanw\u00e4lte sollten beachten, dass Rechtsanwaltsgeb\u00fchren f\u00fcr au\u00dfergerichtliche Abmahnungen von Berufskollegen nach der Rechtsprechung nicht beansprucht werden k\u00f6nnen, weil sie als nicht erforderlich angesehen werden.<\/p>\n<p style=\"text-align: left;\" align=\"center\"><strong>Design &amp; technische Umsetzung:<\/strong><\/p>\n<p style=\"text-align: left;\" align=\"center\">Himmel Design<br \/>\nNik Himmel<br \/>\nSchwanthaler Stra\u00dfe 41<br \/>\n60596 Frankfurt am Main<\/p>\n<p style=\"text-align: left;\" align=\"center\">Web: www.himmeldesign.de<br \/>\nE-Mail: info@himmeldesign.de<br \/>\nTelefon:\u00a0069\/21924840<\/p>\n<p style=\"text-align: left;\" align=\"center\">Bitte beachten Sie, dass ich das Copyright f\u00fcr alle meine hier gezeigten Fotos beanspruche. Die meisten Fotos sind von mir. Soweit ein Foto von anderen Urhebern ver\u00f6ffentlicht wird, ist es verkleinert, dass man nur das wesentliche sieht, was wissenschaftlich erforderlich oder unerl\u00e4\u00dflich ist. Andererseits versuche ich, die Quellen so zuverl\u00e4ssig wie m\u00f6glich zu zitieren.<\/p>\n<p style=\"text-align: left;\" align=\"center\">Diese Seite erl\u00f6st keinerlei Einnahmen. (Leider)<\/p>\n<p style=\"text-align: left;\" align=\"center\">Wenn Sie Bilder oder Ausschnitte wissenschaftlich in dem f\u00fcr wissenschaftliche Darstellungen \u00fcblichen Umfange verwenden wollen, so bestehen hiergegen keine Einw\u00e4nde, wenn rechtlich einwandfrei zitiert wird. Gewerbliche Verwendung bedarf stets einer Lizenzabsprache. Private Verwendung gestatte ich auf Anfrage mit Schilderung. Rechtsverletzungen werden verfolgt.<\/p>\n<p style=\"text-align: left;\" align=\"center\">Wenn Sie Links aus meinen Beitr\u00e4gen ver\u00f6ffentlichen wollen, die auf Seiten verweisen, deren Urheber ich ersichtlich nicht bin, m\u00fcssen Sie selbst darauf achten, dass Sie nicht mich als vermeintlichen Urheber verlinken, sondern den wahren Berechtigten.<\/p>\n<p style=\"text-align: left;\" align=\"center\">F\u00fcr Inhalte von anderweitigen Homepages, die mit meiner Seite verlinkt sind, bin ich nicht verantwortlich. Ich pr\u00fcfe meine Links nach bestem Wissen und Gewissen.<\/p>\n<p style=\"text-align: left;\" align=\"center\">Irrt\u00fcmer und eventuelle Copyrightverletzungen meinerseits wollen Sie mir bitte per email mitteilen, ich stelle sie nach Pr\u00fcfung sofort ab.<\/p>\n<p style=\"text-align: left;\" align=\"center\">\n","protected":false},"excerpt":{"rendered":"<p>Verantwortlich f\u00fcr den Inhalt: Markus Menzendorff Erbacher Str. 15 60599 Frankfurt am Main E-Mail: Markus@Menzendorff.de Web: www.Menzendorff.de Verantwortlich f\u00fcr den Datenschutz: Markus Menzendorff, der Webseitenbetreiber. Ich speichere hier nichts. Jedenfalls nicht bewu\u00dft. Ich bekomme nicht einmal mit, wer meine Seite besucht. Wenn Sie auf dieser Seite einen Kommentar hinterlassen, werde ich aufgefordert, diesen Kommentar zu [&hellip;]<\/p>\n","protected":false},"author":1,"featured_media":0,"parent":0,"menu_order":0,"comment_status":"closed","ping_status":"closed","template":"page-templates\/full-width.php","meta":[],"_links":{"self":[{"href":"http:\/\/menzendorff.de\/index.php?rest_route=\/wp\/v2\/pages\/68"}],"collection":[{"href":"http:\/\/menzendorff.de\/index.php?rest_route=\/wp\/v2\/pages"}],"about":[{"href":"http:\/\/menzendorff.de\/index.php?rest_route=\/wp\/v2\/types\/page"}],"author":[{"embeddable":true,"href":"http:\/\/menzendorff.de\/index.php?rest_route=\/wp\/v2\/users\/1"}],"replies":[{"embeddable":true,"href":"http:\/\/menzendorff.de\/index.php?rest_route=%2Fwp%2Fv2%2Fcomments&post=68"}],"version-history":[{"count":17,"href":"http:\/\/menzendorff.de\/index.php?rest_route=\/wp\/v2\/pages\/68\/revisions"}],"predecessor-version":[{"id":2933,"href":"http:\/\/menzendorff.de\/index.php?rest_route=\/wp\/v2\/pages\/68\/revisions\/2933"}],"wp:attachment":[{"href":"http:\/\/menzendorff.de\/index.php?rest_route=%2Fwp%2Fv2%2Fmedia&parent=68"}],"curies":[{"name":"wp","href":"https:\/\/api.w.org\/{rel}","templated":true}]}}